{"id":67495,"date":"2024-01-19T10:14:42","date_gmt":"2024-01-19T15:14:42","guid":{"rendered":"https:\/\/lebouquetnew.brstdev.com\/valentina\/"},"modified":"2026-02-17T08:10:02","modified_gmt":"2026-02-17T13:10:02","slug":"valentina","status":"publish","type":"product","link":"https:\/\/lebouquet.brstdev.com\/fr\/valentina\/","title":{"rendered":"Valentina | Bouquet romantique Montr\u00e9al"},"content":{"rendered":"<p><strong>Valentina<\/strong> est une cr\u00e9ation florale originale et distinctive, con\u00e7ue comme une v\u00e9ritable d\u00e9claration d\u2019amour. Cette composition exclusive r\u00e9unit des roses, des orchid\u00e9es cymbidium et de l\u2019eucalyptus parfum\u00e9, harmonieusement dispos\u00e9s autour d\u2019un mandala floral spectaculaire.<\/p>\n<p>Le mandala n\u2019est pas un simple \u00e9l\u00e9ment d\u00e9coratif : il fait partie int\u00e9grante de l\u2019\u0153uvre. Pens\u00e9 pour durer bien au-del\u00e0 de la vie des fleurs, il transforme Valentina en un souvenir pr\u00e9cieux plut\u00f4t qu\u2019un bouquet \u00e9ph\u00e9m\u00e8re. Les fleurs sont arrang\u00e9es bas et g\u00e9n\u00e9reusement dans un vase en verre clair, offrant une composition \u00e9quilibr\u00e9e et \u00e9l\u00e9gante sous tous les angles.<\/p>\n<p>\u00c0 la fois romantique, artistique et intemporelle, <strong>Valentina<\/strong> est parfaite pour la Saint-Valentin, un anniversaire ou toute occasion o\u00f9 l\u2019on souhaite offrir quelque chose d\u2019unique et m\u00e9morable.<\/p>\n<p><strong>Vase et mandala inclus.<\/strong><br \/>\nIl s\u2019agit d\u2019une cr\u00e9ation signature exclusive \u00e0 Le Bouquet.<\/p>\n<h4><strong>Parfait pour<\/strong><\/h4>\n<p>La Saint-Valentin, les anniversaires, les grandes occasions romantiques ou les amateurs de cr\u00e9ations florales uniques.<\/p>\n","protected":false},"excerpt":{"rendered":"<p>Valentina est une cr\u00e9ation florale originale et distinctive, con\u00e7ue comme une v\u00e9ritable d\u00e9claration d\u2019amour. Cette composition exclusive r\u00e9unit des roses, des orchid\u00e9es cymbidium et de l\u2019eucalyptus parfum\u00e9, harmonieusement dispos\u00e9s autour d\u2019un mandala floral spectaculaire. Le mandala n\u2019est pas un simple \u00e9l\u00e9ment d\u00e9coratif : il fait partie int\u00e9grante de l\u2019\u0153uvre. Pens\u00e9 pour durer bien au-del\u00e0 de [&hellip;]<\/p>\n","protected":false},"featured_media":67472,"comment_status":"open","ping_status":"closed","template":"","meta":{"_acf_changed":false},"recipe":[],"product_brand":[],"product_cat":[7572],"product_tag":[],"class_list":{"0":"post-67495","1":"product","2":"type-product","3":"status-publish","4":"has-post-thumbnail","6":"product_cat-saint-valentine","8":"first","9":"instock","10":"shipping-taxable","11":"purchasable","12":"product-type-simple"},"acf":[],"_links":{"self":[{"href":"https:\/\/lebouquet.brstdev.com\/fr\/wp-json\/wp\/v2\/product\/67495","targetHints":{"allow":["GET"]}}],"collection":[{"href":"https:\/\/lebouquet.brstdev.com\/fr\/wp-json\/wp\/v2\/product"}],"about":[{"href":"https:\/\/lebouquet.brstdev.com\/fr\/wp-json\/wp\/v2\/types\/product"}],"replies":[{"embeddable":true,"href":"https:\/\/lebouquet.brstdev.com\/fr\/wp-json\/wp\/v2\/comments?post=67495"}],"wp:featuredmedia":[{"embeddable":true,"href":"https:\/\/lebouquet.brstdev.com\/fr\/wp-json\/wp\/v2\/media\/67472"}],"wp:attachment":[{"href":"https:\/\/lebouquet.brstdev.com\/fr\/wp-json\/wp\/v2\/media?parent=67495"}],"wp:term":[{"taxonomy":"recipe","embeddable":true,"href":"https:\/\/lebouquet.brstdev.com\/fr\/wp-json\/wp\/v2\/recipe?post=67495"},{"taxonomy":"product_brand","embeddable":true,"href":"https:\/\/lebouquet.brstdev.com\/fr\/wp-json\/wp\/v2\/product_brand?post=67495"},{"taxonomy":"product_cat","embeddable":true,"href":"https:\/\/lebouquet.brstdev.com\/fr\/wp-json\/wp\/v2\/product_cat?post=67495"},{"taxonomy":"product_tag","embeddable":true,"href":"https:\/\/lebouquet.brstdev.com\/fr\/wp-json\/wp\/v2\/product_tag?post=67495"}],"curies":[{"name":"wp","href":"https:\/\/api.w.org\/{rel}","templated":true}]}}