{"id":115825,"date":"2025-06-16T15:08:48","date_gmt":"2025-06-16T19:08:48","guid":{"rendered":"https:\/\/www.lebouquet.com\/mini-gerbera-vivian-bulk-diy-2\/"},"modified":"2025-08-13T06:16:48","modified_gmt":"2025-08-13T10:16:48","slug":"mini-gerberas-vivian-en-vrac-2","status":"publish","type":"product","link":"https:\/\/lebouquet.brstdev.com\/fr\/mini-gerberas-vivian-en-vrac-2\/","title":{"rendered":"Mini Gerberas Vivian &#8211; en vrac"},"content":{"rendered":"<p><i><strong>*Pour assurer la fra\u00eecheur et la disponibilit\u00e9, veuillez commander 2 \u00e0 3 semaines \u00e0 l\u2019avance.<\/strong><\/i><\/p>\n<p>Cr\u00e9ez un effet saisissant avec les Mini Gerberas Vivian. Leurs p\u00e9tales magenta profond et leur centre jaune p\u00e2le offrent un contraste vibrant, parfait pour des arrangements color\u00e9s, des \u00e9v\u00e9nements festifs ou des compositions DIY expressives. Cultiv\u00e9es localement et coup\u00e9es fra\u00eeches, elles sont id\u00e9ales pour apporter \u00e9clat et \u00e9l\u00e9gance \u00e0 toutes vos cr\u00e9ations florales.<\/p>\n<p><strong>Caract\u00e9ristiques<\/strong> :<\/p>\n<p><strong>Longueur des tiges<\/strong> : Environ 55\u201360 cm<\/p>\n<p><strong>Couleur<\/strong> : Magenta profond avec centre jaune<\/p>\n<p><strong>Utilisation<\/strong> : Bricolages floraux, mariages, \u00e9v\u00e9nements, d\u00e9corations<\/p>\n<p><strong>Conseils de pr\u00e9paration et d\u2019entretien<\/strong> :<\/p>\n<p>D\u00e9ballez les fleurs d\u00e8s r\u00e9ception<\/p>\n<p>Coupez 2\u20133 cm de la tige en biais (45\u00b0)<\/p>\n<p>Placez dans un vase propre avec de l\u2019eau fra\u00eeche et du conservateur floral<\/p>\n<p>Changez l\u2019eau et retaillez tous les 2 \u00e0 3 jours<\/p>\n<p>Conservez dans un endroit frais, \u00e0 l\u2019abri du soleil<\/p>\n","protected":false},"excerpt":{"rendered":"<p>*Pour assurer la fra\u00eecheur et la disponibilit\u00e9, veuillez commander 2 \u00e0 3 semaines \u00e0 l\u2019avance. Cr\u00e9ez un effet saisissant avec les Mini Gerberas Vivian. Leurs p\u00e9tales magenta profond et leur centre jaune p\u00e2le offrent un contraste vibrant, parfait pour des arrangements color\u00e9s, des \u00e9v\u00e9nements festifs ou des compositions DIY expressives. Cultiv\u00e9es localement et coup\u00e9es fra\u00eeches, [&hellip;]<\/p>\n","protected":false},"featured_media":115795,"comment_status":"open","ping_status":"closed","template":"","meta":{"_acf_changed":false},"recipe":[],"product_brand":[],"product_cat":[7673,17168,17416,17457,17169,7674,17454,17469],"product_tag":[],"class_list":{"0":"post-115825","1":"product","2":"type-product","3":"status-publish","4":"has-post-thumbnail","6":"product_cat-bulk-wholesale-flowers-montreal","7":"product_cat-bulk-flowers","8":"product_cat-bulk-gerbera","9":"product_cat-mini-gerbera","10":"product_cat-fleurs-en-vrac","11":"product_cat-fleurs-en-vrac-gros-montreal","12":"product_cat-gerbera-en-vrac","13":"product_cat-mini-gerbera-fr","15":"first","16":"instock","17":"shipping-taxable","18":"purchasable","19":"product-type-simple"},"acf":[],"_links":{"self":[{"href":"https:\/\/lebouquet.brstdev.com\/fr\/wp-json\/wp\/v2\/product\/115825","targetHints":{"allow":["GET"]}}],"collection":[{"href":"https:\/\/lebouquet.brstdev.com\/fr\/wp-json\/wp\/v2\/product"}],"about":[{"href":"https:\/\/lebouquet.brstdev.com\/fr\/wp-json\/wp\/v2\/types\/product"}],"replies":[{"embeddable":true,"href":"https:\/\/lebouquet.brstdev.com\/fr\/wp-json\/wp\/v2\/comments?post=115825"}],"wp:featuredmedia":[{"embeddable":true,"href":"https:\/\/lebouquet.brstdev.com\/fr\/wp-json\/wp\/v2\/media\/115795"}],"wp:attachment":[{"href":"https:\/\/lebouquet.brstdev.com\/fr\/wp-json\/wp\/v2\/media?parent=115825"}],"wp:term":[{"taxonomy":"recipe","embeddable":true,"href":"https:\/\/lebouquet.brstdev.com\/fr\/wp-json\/wp\/v2\/recipe?post=115825"},{"taxonomy":"product_brand","embeddable":true,"href":"https:\/\/lebouquet.brstdev.com\/fr\/wp-json\/wp\/v2\/product_brand?post=115825"},{"taxonomy":"product_cat","embeddable":true,"href":"https:\/\/lebouquet.brstdev.com\/fr\/wp-json\/wp\/v2\/product_cat?post=115825"},{"taxonomy":"product_tag","embeddable":true,"href":"https:\/\/lebouquet.brstdev.com\/fr\/wp-json\/wp\/v2\/product_tag?post=115825"}],"curies":[{"name":"wp","href":"https:\/\/api.w.org\/{rel}","templated":true}]}}