{"id":115762,"date":"2025-06-16T13:59:04","date_gmt":"2025-06-16T17:59:04","guid":{"rendered":"https:\/\/www.lebouquet.com\/mini-gerbera-smart-bulk-diy\/"},"modified":"2025-08-13T06:16:49","modified_gmt":"2025-08-13T10:16:49","slug":"mini-gerberas-smart-en-vrac","status":"publish","type":"product","link":"https:\/\/lebouquet.brstdev.com\/fr\/mini-gerberas-smart-en-vrac\/","title":{"rendered":"Mini Gerberas Smart &#8211; en vrac"},"content":{"rendered":"<p>Pour assurer la fra\u00eecheur et la disponibilit\u00e9, veuillez commander 2 \u00e0 3 semaines \u00e0 l\u2019avance.<\/p>\n<p>Apportez une touche de fra\u00eecheur et de vivacit\u00e9 \u00e0 vos cr\u00e9ations florales avec les Mini Gerberas Smart. Leur rose moyen \u00e9clatant et leur centre fonc\u00e9 cr\u00e9ent un beau contraste, id\u00e9al pour les mariages, baby showers, bouquets de printemps et projets floraux DIY. Cultiv\u00e9es localement et soigneusement s\u00e9lectionn\u00e9es, ces fleurs ajoutent \u00e9clat et \u00e9l\u00e9gance \u00e0 toutes vos d\u00e9corations.<\/p>\n<p><strong>Caract\u00e9ristiques<\/strong> :<\/p>\n<p><strong>Longueur des tiges<\/strong> : Environ 55\u201360 cm<\/p>\n<p><strong>Couleur<\/strong> : Rose moyen avec centre fonc\u00e9<\/p>\n<p><strong>Utilisation<\/strong> : Bricolages floraux, mariages, \u00e9v\u00e9nements, bouquets cadeaux<\/p>\n<p><strong>Conseils de pr\u00e9paration et d\u2019entretien<\/strong> :<\/p>\n<p>D\u00e9ballez les fleurs d\u00e8s r\u00e9ception<\/p>\n<p>Coupez 2\u20133 cm de la tige en biais (45\u00b0)<\/p>\n<p>Placez dans un vase propre rempli d\u2019eau fra\u00eeche et de conservateur floral<\/p>\n<p>Changez l\u2019eau et retaillez tous les 2 \u00e0 3 jours<\/p>\n<p>Conservez dans un endroit frais, \u00e0 l\u2019abri du soleil et de la chaleur<\/p>\n","protected":false},"excerpt":{"rendered":"<p>Pour assurer la fra\u00eecheur et la disponibilit\u00e9, veuillez commander 2 \u00e0 3 semaines \u00e0 l\u2019avance. Apportez une touche de fra\u00eecheur et de vivacit\u00e9 \u00e0 vos cr\u00e9ations florales avec les Mini Gerberas Smart. Leur rose moyen \u00e9clatant et leur centre fonc\u00e9 cr\u00e9ent un beau contraste, id\u00e9al pour les mariages, baby showers, bouquets de printemps et projets [&hellip;]<\/p>\n","protected":false},"featured_media":115734,"comment_status":"open","ping_status":"closed","template":"","meta":{"_acf_changed":false},"recipe":[],"product_brand":[],"product_cat":[7673,17168,17416,17457,17169,7674,17454,17469],"product_tag":[],"class_list":{"0":"post-115762","1":"product","2":"type-product","3":"status-publish","4":"has-post-thumbnail","6":"product_cat-bulk-wholesale-flowers-montreal","7":"product_cat-bulk-flowers","8":"product_cat-bulk-gerbera","9":"product_cat-mini-gerbera","10":"product_cat-fleurs-en-vrac","11":"product_cat-fleurs-en-vrac-gros-montreal","12":"product_cat-gerbera-en-vrac","13":"product_cat-mini-gerbera-fr","15":"first","16":"instock","17":"shipping-taxable","18":"purchasable","19":"product-type-simple"},"acf":[],"_links":{"self":[{"href":"https:\/\/lebouquet.brstdev.com\/fr\/wp-json\/wp\/v2\/product\/115762","targetHints":{"allow":["GET"]}}],"collection":[{"href":"https:\/\/lebouquet.brstdev.com\/fr\/wp-json\/wp\/v2\/product"}],"about":[{"href":"https:\/\/lebouquet.brstdev.com\/fr\/wp-json\/wp\/v2\/types\/product"}],"replies":[{"embeddable":true,"href":"https:\/\/lebouquet.brstdev.com\/fr\/wp-json\/wp\/v2\/comments?post=115762"}],"wp:featuredmedia":[{"embeddable":true,"href":"https:\/\/lebouquet.brstdev.com\/fr\/wp-json\/wp\/v2\/media\/115734"}],"wp:attachment":[{"href":"https:\/\/lebouquet.brstdev.com\/fr\/wp-json\/wp\/v2\/media?parent=115762"}],"wp:term":[{"taxonomy":"recipe","embeddable":true,"href":"https:\/\/lebouquet.brstdev.com\/fr\/wp-json\/wp\/v2\/recipe?post=115762"},{"taxonomy":"product_brand","embeddable":true,"href":"https:\/\/lebouquet.brstdev.com\/fr\/wp-json\/wp\/v2\/product_brand?post=115762"},{"taxonomy":"product_cat","embeddable":true,"href":"https:\/\/lebouquet.brstdev.com\/fr\/wp-json\/wp\/v2\/product_cat?post=115762"},{"taxonomy":"product_tag","embeddable":true,"href":"https:\/\/lebouquet.brstdev.com\/fr\/wp-json\/wp\/v2\/product_tag?post=115762"}],"curies":[{"name":"wp","href":"https:\/\/api.w.org\/{rel}","templated":true}]}}