{"id":115654,"date":"2025-06-16T12:29:01","date_gmt":"2025-06-16T16:29:01","guid":{"rendered":"https:\/\/www.lebouquet.com\/mini-gerbera-timeout\/"},"modified":"2025-08-13T06:16:51","modified_gmt":"2025-08-13T10:16:51","slug":"mini-gerberas-timeout-en-vrac","status":"publish","type":"product","link":"https:\/\/lebouquet.brstdev.com\/fr\/mini-gerberas-timeout-en-vrac\/","title":{"rendered":"Mini Gerberas Timeout &#8211; en vrac"},"content":{"rendered":"<p><i><strong>*Pour assurer la fra\u00eecheur et la disponibilit\u00e9, veuillez commander 2 \u00e0 3 semaines \u00e0 l\u2019avance.<\/strong><\/i><\/p>\n<p>Apportez une touche vibrante \u00e0 vos compositions florales avec les Mini Gerberas Timeout. Leurs p\u00e9tales rouge corail vif et leur c\u0153ur vert lumineux en font un choix audacieux et original pour vos bouquets DIY, d\u00e9corations d\u2019\u00e9v\u00e9nements ou arrangements de mariage. Cultiv\u00e9es localement et exp\u00e9di\u00e9es fra\u00eeches, ces fleurs d\u00e9gagent \u00e9nergie et fra\u00eecheur.<\/p>\n<p><strong>Caract\u00e9ristiques<\/strong> :<\/p>\n<p><strong>Longueur des tiges<\/strong> : Environ 55\u201360 cm<\/p>\n<p><strong>Couleur<\/strong> : Rouge corail vif avec c\u0153ur vert<\/p>\n<p><strong>Utilisation<\/strong> : Bricolages floraux, mariages, \u00e9v\u00e9nements, centres de table<\/p>\n<p><strong>Conseils de pr\u00e9paration et d\u2019entretien<\/strong> :<\/p>\n<p>D\u00e9ballez d\u00e8s r\u00e9ception et retirez les protections<\/p>\n<p>Coupez 2\u20133 cm de la tige en biais (45\u00b0)<\/p>\n<p>Placez dans de l\u2019eau propre avec conservateur floral<\/p>\n<p>Changez l\u2019eau et retaillez tous les 2 \u00e0 3 jours<\/p>\n<p>Conservez \u00e0 l\u2019abri de la chaleur et du soleil direct<\/p>\n","protected":false},"excerpt":{"rendered":"<p>*Pour assurer la fra\u00eecheur et la disponibilit\u00e9, veuillez commander 2 \u00e0 3 semaines \u00e0 l\u2019avance. Apportez une touche vibrante \u00e0 vos compositions florales avec les Mini Gerberas Timeout. Leurs p\u00e9tales rouge corail vif et leur c\u0153ur vert lumineux en font un choix audacieux et original pour vos bouquets DIY, d\u00e9corations d\u2019\u00e9v\u00e9nements ou arrangements de mariage. [&hellip;]<\/p>\n","protected":false},"featured_media":115628,"comment_status":"open","ping_status":"closed","template":"","meta":{"_acf_changed":false},"recipe":[],"product_brand":[],"product_cat":[7673,17168,17416,17457,17169,7674,17454,17469],"product_tag":[],"class_list":{"0":"post-115654","1":"product","2":"type-product","3":"status-publish","4":"has-post-thumbnail","6":"product_cat-bulk-wholesale-flowers-montreal","7":"product_cat-bulk-flowers","8":"product_cat-bulk-gerbera","9":"product_cat-mini-gerbera","10":"product_cat-fleurs-en-vrac","11":"product_cat-fleurs-en-vrac-gros-montreal","12":"product_cat-gerbera-en-vrac","13":"product_cat-mini-gerbera-fr","15":"first","16":"instock","17":"shipping-taxable","18":"purchasable","19":"product-type-simple"},"acf":[],"_links":{"self":[{"href":"https:\/\/lebouquet.brstdev.com\/fr\/wp-json\/wp\/v2\/product\/115654","targetHints":{"allow":["GET"]}}],"collection":[{"href":"https:\/\/lebouquet.brstdev.com\/fr\/wp-json\/wp\/v2\/product"}],"about":[{"href":"https:\/\/lebouquet.brstdev.com\/fr\/wp-json\/wp\/v2\/types\/product"}],"replies":[{"embeddable":true,"href":"https:\/\/lebouquet.brstdev.com\/fr\/wp-json\/wp\/v2\/comments?post=115654"}],"wp:featuredmedia":[{"embeddable":true,"href":"https:\/\/lebouquet.brstdev.com\/fr\/wp-json\/wp\/v2\/media\/115628"}],"wp:attachment":[{"href":"https:\/\/lebouquet.brstdev.com\/fr\/wp-json\/wp\/v2\/media?parent=115654"}],"wp:term":[{"taxonomy":"recipe","embeddable":true,"href":"https:\/\/lebouquet.brstdev.com\/fr\/wp-json\/wp\/v2\/recipe?post=115654"},{"taxonomy":"product_brand","embeddable":true,"href":"https:\/\/lebouquet.brstdev.com\/fr\/wp-json\/wp\/v2\/product_brand?post=115654"},{"taxonomy":"product_cat","embeddable":true,"href":"https:\/\/lebouquet.brstdev.com\/fr\/wp-json\/wp\/v2\/product_cat?post=115654"},{"taxonomy":"product_tag","embeddable":true,"href":"https:\/\/lebouquet.brstdev.com\/fr\/wp-json\/wp\/v2\/product_tag?post=115654"}],"curies":[{"name":"wp","href":"https:\/\/api.w.org\/{rel}","templated":true}]}}