{"id":115626,"date":"2025-06-16T12:10:04","date_gmt":"2025-06-16T16:10:04","guid":{"rendered":"https:\/\/www.lebouquet.com\/mini-gerbera-caramba-bulk-diy\/"},"modified":"2025-08-13T06:16:52","modified_gmt":"2025-08-13T10:16:52","slug":"mini-gerberas-caramba-en-vrac","status":"publish","type":"product","link":"https:\/\/lebouquet.brstdev.com\/fr\/mini-gerberas-caramba-en-vrac\/","title":{"rendered":"Mini Gerberas Caramba &#8211; en vrac"},"content":{"rendered":"<p><i><strong>*Pour assurer la fra\u00eecheur et la disponibilit\u00e9, veuillez commander 2 \u00e0 3 semaines \u00e0 l\u2019avance.<\/strong><\/i><\/p>\n<p>Ajoutez une touche d&rsquo;\u00e9nergie \u00e0 vos cr\u00e9ations florales avec les Mini Gerberas Caramba. Leur teinte orange \u00e9clatante et leur c\u0153ur rouge profond apportent une belle intensit\u00e9 \u00e0 vos bouquets, centres de table ou d\u00e9corations florales. Cultiv\u00e9es localement et exp\u00e9di\u00e9es fra\u00eeches, ces fleurs sont parfaites pour les mariages, \u00e9v\u00e9nements ou projets cr\u00e9atifs.<\/p>\n<p><strong>Caract\u00e9ristiques<\/strong> :<\/p>\n<p><strong>Longueur des tiges<\/strong> : Environ 55\u201360 cm<\/p>\n<p><strong>Couleur<\/strong> : Orange vif avec c\u0153ur rouge<\/p>\n<p><strong>Utilisation<\/strong> : Bricolages floraux, mariages, \u00e9v\u00e9nements, bouquets<\/p>\n<p><strong>Conseils de pr\u00e9paration et d\u2019entretien<\/strong> :<\/p>\n<p>D\u00e9ballez d\u00e8s r\u00e9ception et retirez les protections<\/p>\n<p>Coupez 2\u20133 cm de la tige en biais (45\u00b0)<\/p>\n<p>Placez les fleurs dans de l\u2019eau propre et fra\u00eeche avec un conservateur floral<\/p>\n<p>Changez l\u2019eau et retaillez les tiges tous les 2 \u00e0 3 jours<\/p>\n<p>Gardez dans un endroit frais, \u00e0 l\u2019abri du soleil direct<\/p>\n","protected":false},"excerpt":{"rendered":"<p>*Pour assurer la fra\u00eecheur et la disponibilit\u00e9, veuillez commander 2 \u00e0 3 semaines \u00e0 l\u2019avance. Ajoutez une touche d&rsquo;\u00e9nergie \u00e0 vos cr\u00e9ations florales avec les Mini Gerberas Caramba. Leur teinte orange \u00e9clatante et leur c\u0153ur rouge profond apportent une belle intensit\u00e9 \u00e0 vos bouquets, centres de table ou d\u00e9corations florales. Cultiv\u00e9es localement et exp\u00e9di\u00e9es fra\u00eeches, [&hellip;]<\/p>\n","protected":false},"featured_media":115600,"comment_status":"open","ping_status":"closed","template":"","meta":{"_acf_changed":false},"recipe":[],"product_brand":[],"product_cat":[7673,17168,17416,17457,17169,7674,17454,17469],"product_tag":[],"class_list":{"0":"post-115626","1":"product","2":"type-product","3":"status-publish","4":"has-post-thumbnail","6":"product_cat-bulk-wholesale-flowers-montreal","7":"product_cat-bulk-flowers","8":"product_cat-bulk-gerbera","9":"product_cat-mini-gerbera","10":"product_cat-fleurs-en-vrac","11":"product_cat-fleurs-en-vrac-gros-montreal","12":"product_cat-gerbera-en-vrac","13":"product_cat-mini-gerbera-fr","15":"first","16":"instock","17":"shipping-taxable","18":"purchasable","19":"product-type-simple"},"acf":[],"_links":{"self":[{"href":"https:\/\/lebouquet.brstdev.com\/fr\/wp-json\/wp\/v2\/product\/115626","targetHints":{"allow":["GET"]}}],"collection":[{"href":"https:\/\/lebouquet.brstdev.com\/fr\/wp-json\/wp\/v2\/product"}],"about":[{"href":"https:\/\/lebouquet.brstdev.com\/fr\/wp-json\/wp\/v2\/types\/product"}],"replies":[{"embeddable":true,"href":"https:\/\/lebouquet.brstdev.com\/fr\/wp-json\/wp\/v2\/comments?post=115626"}],"wp:featuredmedia":[{"embeddable":true,"href":"https:\/\/lebouquet.brstdev.com\/fr\/wp-json\/wp\/v2\/media\/115600"}],"wp:attachment":[{"href":"https:\/\/lebouquet.brstdev.com\/fr\/wp-json\/wp\/v2\/media?parent=115626"}],"wp:term":[{"taxonomy":"recipe","embeddable":true,"href":"https:\/\/lebouquet.brstdev.com\/fr\/wp-json\/wp\/v2\/recipe?post=115626"},{"taxonomy":"product_brand","embeddable":true,"href":"https:\/\/lebouquet.brstdev.com\/fr\/wp-json\/wp\/v2\/product_brand?post=115626"},{"taxonomy":"product_cat","embeddable":true,"href":"https:\/\/lebouquet.brstdev.com\/fr\/wp-json\/wp\/v2\/product_cat?post=115626"},{"taxonomy":"product_tag","embeddable":true,"href":"https:\/\/lebouquet.brstdev.com\/fr\/wp-json\/wp\/v2\/product_tag?post=115626"}],"curies":[{"name":"wp","href":"https:\/\/api.w.org\/{rel}","templated":true}]}}