{"id":115511,"date":"2025-06-16T10:00:42","date_gmt":"2025-06-16T14:00:42","guid":{"rendered":"https:\/\/www.lebouquet.com\/mini-gerbera-franky-bulk-diy\/"},"modified":"2025-08-13T06:16:54","modified_gmt":"2025-08-13T10:16:54","slug":"mini-gerberas-franky-en-vrac","status":"publish","type":"product","link":"https:\/\/lebouquet.brstdev.com\/fr\/mini-gerberas-franky-en-vrac\/","title":{"rendered":"Mini Gerberas Franky &#8211; en vrac"},"content":{"rendered":"<p><i><strong>*Pour garantir la fra\u00eecheur et la disponibilit\u00e9, veuillez commander 2 \u00e0 3 semaines \u00e0 l&rsquo;avance.<\/strong><\/i><\/p>\n<p>Faites rayonner vos cr\u00e9ations florales avec les teintes flamboyantes de nos <strong>mini gerberas Franky<\/strong> cultiv\u00e9s localement. Leurs p\u00e9tales jaunes lumineux s\u2019intensifient vers un centre rouge-orang\u00e9, pour un effet saisissant et joyeux dans tous vos projets floraux DIY. Chaque tige mesure entre 22 et 24 pouces, parfaite pour ajouter du dynamisme \u00e0 vos bouquets, arrangements de f\u00eate ou compositions saisonni\u00e8res.<\/p>\n<p>Le mini gerbera Franky est id\u00e9al pour ceux qui recherchent des couleurs \u00e9clatantes et un style audacieux.<\/p>\n<p><strong>Caract\u00e9ristiques :<\/strong><\/p>\n<p><strong>Longueur :<\/strong> 22 \u00e0 24 pouces<\/p>\n<p><strong>Couleur :<\/strong> Jaune avec centre rouge-orang\u00e9<\/p>\n<p><strong>Id\u00e9al pour :<\/strong> Arrangements DIY, compositions saisonni\u00e8res, f\u00eates, bouquets \u00e9clatants<\/p>\n<p><strong>Conseils de pr\u00e9paration et d\u2019entretien :<\/strong><\/p>\n<p>D\u00e9ballez les fleurs d\u00e8s leur r\u00e9ception.<\/p>\n<p>Coupez les tiges en biais et placez-les dans de l\u2019eau propre.<\/p>\n<p>Gardez les fleurs dans un endroit frais, \u00e0 l\u2019abri du soleil.<\/p>\n<p>Changez l\u2019eau et recoupez les tiges tous les 2 \u00e0 3 jours.<\/p>\n","protected":false},"excerpt":{"rendered":"<p>*Pour garantir la fra\u00eecheur et la disponibilit\u00e9, veuillez commander 2 \u00e0 3 semaines \u00e0 l&rsquo;avance. Faites rayonner vos cr\u00e9ations florales avec les teintes flamboyantes de nos mini gerberas Franky cultiv\u00e9s localement. Leurs p\u00e9tales jaunes lumineux s\u2019intensifient vers un centre rouge-orang\u00e9, pour un effet saisissant et joyeux dans tous vos projets floraux DIY. Chaque tige mesure [&hellip;]<\/p>\n","protected":false},"featured_media":115485,"comment_status":"open","ping_status":"closed","template":"","meta":{"_acf_changed":false},"recipe":[],"product_brand":[],"product_cat":[7673,17168,17416,17457,17169,7674,17454,17469],"product_tag":[],"class_list":{"0":"post-115511","1":"product","2":"type-product","3":"status-publish","4":"has-post-thumbnail","6":"product_cat-bulk-wholesale-flowers-montreal","7":"product_cat-bulk-flowers","8":"product_cat-bulk-gerbera","9":"product_cat-mini-gerbera","10":"product_cat-fleurs-en-vrac","11":"product_cat-fleurs-en-vrac-gros-montreal","12":"product_cat-gerbera-en-vrac","13":"product_cat-mini-gerbera-fr","15":"first","16":"instock","17":"shipping-taxable","18":"purchasable","19":"product-type-simple"},"acf":[],"_links":{"self":[{"href":"https:\/\/lebouquet.brstdev.com\/fr\/wp-json\/wp\/v2\/product\/115511","targetHints":{"allow":["GET"]}}],"collection":[{"href":"https:\/\/lebouquet.brstdev.com\/fr\/wp-json\/wp\/v2\/product"}],"about":[{"href":"https:\/\/lebouquet.brstdev.com\/fr\/wp-json\/wp\/v2\/types\/product"}],"replies":[{"embeddable":true,"href":"https:\/\/lebouquet.brstdev.com\/fr\/wp-json\/wp\/v2\/comments?post=115511"}],"wp:featuredmedia":[{"embeddable":true,"href":"https:\/\/lebouquet.brstdev.com\/fr\/wp-json\/wp\/v2\/media\/115485"}],"wp:attachment":[{"href":"https:\/\/lebouquet.brstdev.com\/fr\/wp-json\/wp\/v2\/media?parent=115511"}],"wp:term":[{"taxonomy":"recipe","embeddable":true,"href":"https:\/\/lebouquet.brstdev.com\/fr\/wp-json\/wp\/v2\/recipe?post=115511"},{"taxonomy":"product_brand","embeddable":true,"href":"https:\/\/lebouquet.brstdev.com\/fr\/wp-json\/wp\/v2\/product_brand?post=115511"},{"taxonomy":"product_cat","embeddable":true,"href":"https:\/\/lebouquet.brstdev.com\/fr\/wp-json\/wp\/v2\/product_cat?post=115511"},{"taxonomy":"product_tag","embeddable":true,"href":"https:\/\/lebouquet.brstdev.com\/fr\/wp-json\/wp\/v2\/product_tag?post=115511"}],"curies":[{"name":"wp","href":"https:\/\/api.w.org\/{rel}","templated":true}]}}