{"id":115273,"date":"2025-06-13T15:52:40","date_gmt":"2025-06-13T19:52:40","guid":{"rendered":"https:\/\/www.lebouquet.com\/mini-gerbera-bravia-bulk-diy\/"},"modified":"2025-08-13T06:16:57","modified_gmt":"2025-08-13T10:16:57","slug":"mini-gerbera-bravia-en-vrac","status":"publish","type":"product","link":"https:\/\/lebouquet.brstdev.com\/fr\/mini-gerbera-bravia-en-vrac\/","title":{"rendered":"Mini Gerbera Bravia &#8211; en vrac"},"content":{"rendered":"<p><i><strong>*Pour garantir la fra\u00eecheur des fleurs et leur disponibilit\u00e9, veuillez passer votre commande 2 \u00e0 3 semaines \u00e0 l\u2019avance.<\/strong><\/i><\/p>\n<p>Apportez une touche lumineuse et joyeuse \u00e0 vos cr\u00e9ations florales avec nos Mini Gerberas Bravia. Ces fleurs jaunes \u00e9clatantes au c\u0153ur fonc\u00e9 sont id\u00e9ales pour les bouquets faits maison, les centres de table et les projets floraux cr\u00e9atifs. Vendues en vrac, elles offrent une fra\u00eecheur \u00e9clatante \u00e0 chaque arrangement.<\/p>\n<p><strong>Caract\u00e9ristiques :<\/strong><\/p>\n<p><strong>Longueur :<\/strong> Environ 55 \u00e0 60 cm<\/p>\n<p><strong>Couleur :<\/strong> Jaune vif avec c\u0153ur fonc\u00e9<\/p>\n<p><strong>Quantit\u00e9 :<\/strong> Vendues en bottes de 10 tiges<\/p>\n<p><strong>Id\u00e9al pour :<\/strong> Arrangements floraux DIY, mariages, \u00e9v\u00e9nements, d\u00e9coration int\u00e9rieure<\/p>\n<p><strong>Conseils de pr\u00e9paration et d\u2019entretien :<\/strong><\/p>\n<p>D\u00e9ballez les fleurs d\u00e8s r\u00e9ception et retirez l\u2019emballage.<\/p>\n<p>Coupez les tiges en biais sur 2-3 cm et placez-les dans de l\u2019eau propre.<\/p>\n<p>Renouvelez l\u2019eau et recoupez les tiges tous les 2 \u00e0 3 jours.<\/p>\n<p>Conservez dans un endroit frais, \u00e0 l\u2019abri du soleil et des sources de chaleur.<\/p>\n","protected":false},"excerpt":{"rendered":"<p>*Pour garantir la fra\u00eecheur des fleurs et leur disponibilit\u00e9, veuillez passer votre commande 2 \u00e0 3 semaines \u00e0 l\u2019avance. Apportez une touche lumineuse et joyeuse \u00e0 vos cr\u00e9ations florales avec nos Mini Gerberas Bravia. Ces fleurs jaunes \u00e9clatantes au c\u0153ur fonc\u00e9 sont id\u00e9ales pour les bouquets faits maison, les centres de table et les projets [&hellip;]<\/p>\n","protected":false},"featured_media":115247,"comment_status":"open","ping_status":"closed","template":"","meta":{"_acf_changed":false},"recipe":[],"product_brand":[],"product_cat":[7673,17168,17416,17457,17169,7674,17454,17469],"product_tag":[],"class_list":{"0":"post-115273","1":"product","2":"type-product","3":"status-publish","4":"has-post-thumbnail","6":"product_cat-bulk-wholesale-flowers-montreal","7":"product_cat-bulk-flowers","8":"product_cat-bulk-gerbera","9":"product_cat-mini-gerbera","10":"product_cat-fleurs-en-vrac","11":"product_cat-fleurs-en-vrac-gros-montreal","12":"product_cat-gerbera-en-vrac","13":"product_cat-mini-gerbera-fr","15":"first","16":"instock","17":"shipping-taxable","18":"purchasable","19":"product-type-simple"},"acf":[],"_links":{"self":[{"href":"https:\/\/lebouquet.brstdev.com\/fr\/wp-json\/wp\/v2\/product\/115273","targetHints":{"allow":["GET"]}}],"collection":[{"href":"https:\/\/lebouquet.brstdev.com\/fr\/wp-json\/wp\/v2\/product"}],"about":[{"href":"https:\/\/lebouquet.brstdev.com\/fr\/wp-json\/wp\/v2\/types\/product"}],"replies":[{"embeddable":true,"href":"https:\/\/lebouquet.brstdev.com\/fr\/wp-json\/wp\/v2\/comments?post=115273"}],"wp:featuredmedia":[{"embeddable":true,"href":"https:\/\/lebouquet.brstdev.com\/fr\/wp-json\/wp\/v2\/media\/115247"}],"wp:attachment":[{"href":"https:\/\/lebouquet.brstdev.com\/fr\/wp-json\/wp\/v2\/media?parent=115273"}],"wp:term":[{"taxonomy":"recipe","embeddable":true,"href":"https:\/\/lebouquet.brstdev.com\/fr\/wp-json\/wp\/v2\/recipe?post=115273"},{"taxonomy":"product_brand","embeddable":true,"href":"https:\/\/lebouquet.brstdev.com\/fr\/wp-json\/wp\/v2\/product_brand?post=115273"},{"taxonomy":"product_cat","embeddable":true,"href":"https:\/\/lebouquet.brstdev.com\/fr\/wp-json\/wp\/v2\/product_cat?post=115273"},{"taxonomy":"product_tag","embeddable":true,"href":"https:\/\/lebouquet.brstdev.com\/fr\/wp-json\/wp\/v2\/product_tag?post=115273"}],"curies":[{"name":"wp","href":"https:\/\/api.w.org\/{rel}","templated":true}]}}