{"id":115230,"date":"2025-06-13T15:21:08","date_gmt":"2025-06-13T19:21:08","guid":{"rendered":"https:\/\/www.lebouquet.com\/mini-gerbera-claro-bulk-diy\/"},"modified":"2025-08-13T06:16:58","modified_gmt":"2025-08-13T10:16:58","slug":"mini-gerbera-claro-en-vrac","status":"publish","type":"product","link":"https:\/\/lebouquet.brstdev.com\/fr\/mini-gerbera-claro-en-vrac\/","title":{"rendered":"Mini Gerbera Claro &#8211; en vrac"},"content":{"rendered":"<p><strong>*Pour garantir la fra\u00eecheur des fleurs et leur disponibilit\u00e9, veuillez passer votre commande 2 \u00e0 3 semaines \u00e0 l\u2019avance.<\/strong><\/p>\n<p>Ajoutez une touche de gaiet\u00e9 \u00e9clatante \u00e0 vos cr\u00e9ations florales avec nos Mini Gerberas Claro. Ces magnifiques fleurs jaunes au c\u0153ur fonc\u00e9 sont id\u00e9ales pour donner de la lumi\u00e8re et du dynamisme \u00e0 vos arrangements DIY, centres de table et d\u00e9corations florales. Chaque tige pr\u00e9sente une fleur ronde au charme intemporel qui se marie facilement \u00e0 d\u2019autres vari\u00e9t\u00e9s.<\/p>\n<p><strong>Caract\u00e9ristiques :<\/strong><\/p>\n<p><strong>Longueur :<\/strong> Environ 55 \u00e0 60 cm<\/p>\n<p><strong>Couleur :<\/strong> Jaune vif avec centre fonc\u00e9<\/p>\n<p><strong>Quantit\u00e9 :<\/strong> Vendues en bottes de 10 tiges<\/p>\n<p><strong>Id\u00e9al pour :<\/strong> Arrangements floraux DIY, mariages, \u00e9v\u00e9nements, d\u00e9coration int\u00e9rieure<\/p>\n<p><strong>Instructions de pr\u00e9paration et d\u2019entretien :<\/strong><\/p>\n<p>D\u00e9ballez les fleurs d\u00e8s r\u00e9ception et retirez tout emballage protecteur.<\/p>\n<p>Coupez les tiges en biais sur 2-3 cm avec un s\u00e9cateur propre.<\/p>\n<p>Placez-les dans un vase propre rempli d\u2019eau fra\u00eeche.<\/p>\n<p>Changez l\u2019eau et recoupez les tiges tous les 2 \u00e0 3 jours.<\/p>\n<p>Gardez les fleurs dans un endroit frais, \u00e0 l\u2019abri du soleil direct et des sources de chaleur.<\/p>\n","protected":false},"excerpt":{"rendered":"<p>*Pour garantir la fra\u00eecheur des fleurs et leur disponibilit\u00e9, veuillez passer votre commande 2 \u00e0 3 semaines \u00e0 l\u2019avance. Ajoutez une touche de gaiet\u00e9 \u00e9clatante \u00e0 vos cr\u00e9ations florales avec nos Mini Gerberas Claro. Ces magnifiques fleurs jaunes au c\u0153ur fonc\u00e9 sont id\u00e9ales pour donner de la lumi\u00e8re et du dynamisme \u00e0 vos arrangements DIY, [&hellip;]<\/p>\n","protected":false},"featured_media":115224,"comment_status":"open","ping_status":"closed","template":"","meta":{"_acf_changed":false},"recipe":[],"product_brand":[],"product_cat":[7673,17168,17416,17457,17169,7674,17454,17469],"product_tag":[],"class_list":{"0":"post-115230","1":"product","2":"type-product","3":"status-publish","4":"has-post-thumbnail","6":"product_cat-bulk-wholesale-flowers-montreal","7":"product_cat-bulk-flowers","8":"product_cat-bulk-gerbera","9":"product_cat-mini-gerbera","10":"product_cat-fleurs-en-vrac","11":"product_cat-fleurs-en-vrac-gros-montreal","12":"product_cat-gerbera-en-vrac","13":"product_cat-mini-gerbera-fr","15":"first","16":"instock","17":"shipping-taxable","18":"purchasable","19":"product-type-simple"},"acf":[],"_links":{"self":[{"href":"https:\/\/lebouquet.brstdev.com\/fr\/wp-json\/wp\/v2\/product\/115230","targetHints":{"allow":["GET"]}}],"collection":[{"href":"https:\/\/lebouquet.brstdev.com\/fr\/wp-json\/wp\/v2\/product"}],"about":[{"href":"https:\/\/lebouquet.brstdev.com\/fr\/wp-json\/wp\/v2\/types\/product"}],"replies":[{"embeddable":true,"href":"https:\/\/lebouquet.brstdev.com\/fr\/wp-json\/wp\/v2\/comments?post=115230"}],"wp:featuredmedia":[{"embeddable":true,"href":"https:\/\/lebouquet.brstdev.com\/fr\/wp-json\/wp\/v2\/media\/115224"}],"wp:attachment":[{"href":"https:\/\/lebouquet.brstdev.com\/fr\/wp-json\/wp\/v2\/media?parent=115230"}],"wp:term":[{"taxonomy":"recipe","embeddable":true,"href":"https:\/\/lebouquet.brstdev.com\/fr\/wp-json\/wp\/v2\/recipe?post=115230"},{"taxonomy":"product_brand","embeddable":true,"href":"https:\/\/lebouquet.brstdev.com\/fr\/wp-json\/wp\/v2\/product_brand?post=115230"},{"taxonomy":"product_cat","embeddable":true,"href":"https:\/\/lebouquet.brstdev.com\/fr\/wp-json\/wp\/v2\/product_cat?post=115230"},{"taxonomy":"product_tag","embeddable":true,"href":"https:\/\/lebouquet.brstdev.com\/fr\/wp-json\/wp\/v2\/product_tag?post=115230"}],"curies":[{"name":"wp","href":"https:\/\/api.w.org\/{rel}","templated":true}]}}