{"id":114287,"date":"2025-06-02T12:07:55","date_gmt":"2025-06-02T16:07:55","guid":{"rendered":"https:\/\/www.lebouquet.com\/mini-gerbera-anna-bulk-diy\/"},"modified":"2025-08-13T06:17:00","modified_gmt":"2025-08-13T10:17:00","slug":"mini-gerbera-anna-en-vrac","status":"publish","type":"product","link":"https:\/\/lebouquet.brstdev.com\/fr\/mini-gerbera-anna-en-vrac\/","title":{"rendered":"Mini Gerbera Anna &#8211; en vrac"},"content":{"rendered":"<p><strong><u>*Pour garantir la fra\u00eecheur et la disponibilit\u00e9, veuillez passer votre commande 2 \u00e0 3 semaines \u00e0 l&rsquo;avance.<\/u><\/strong><\/p>\n<p>\u00c9clatants et pleins de vie, nos mini gerberas Anna offrent une couleur fuchsia vive et une forme classique parfaite pour vos cr\u00e9ations florales DIY. Cultiv\u00e9es localement au Canada, ces fleurs mesurent entre 55 et 60 cm de hauteur, id\u00e9ales pour les mariages, les \u00e9v\u00e9nements ou les d\u00e9corations du quotidien. Elles sont livr\u00e9es fra\u00eeches, non nettoy\u00e9es et pr\u00eates \u00e0 l\u2019emploi.<\/p>\n<p><strong>Caract\u00e9ristiques principales<\/strong> :<\/p>\n<p><strong>Longueur<\/strong> : 55\u201360 cm<\/p>\n<p><strong>Couleur<\/strong> : Fuchsia<\/p>\n<p><strong>Origine<\/strong> : Cultiv\u00e9es localement au Canada<\/p>\n<p><strong>Id\u00e9al pour<\/strong> : Arrangements floraux DIY, mariages, \u00e9v\u00e9nements, d\u00e9coration quotidienne<\/p>\n<hr>\n<p><strong>Pr\u00e9paration et soins des gerberas<\/strong> :<\/p>\n<p>D\u00e9ballez les fleurs d\u00e8s r\u00e9ception et retirez l\u2019emballage protecteur.<\/p>\n<p>Coupez 2 \u00e0 3 cm des tiges en biais (45\u00b0), tous les 2\u20133 jours.<\/p>\n<p>Placez les tiges dans un vase propre avec de l\u2019eau fra\u00eeche et un conservateur floral.<\/p>\n<p>Changez l\u2019eau et ajoutez du nouveau conservateur tous les 2\u20133 jours.<\/p>\n<p>Gardez les fleurs dans un endroit frais, \u00e0 l\u2019abri du soleil, des courants d\u2019air et de la chaleur.<\/p>\n<p>Ne les placez pas pr\u00e8s de fruits ou l\u00e9gumes m\u00fbrs.<\/p>\n<p>Retirez les p\u00e9tales fan\u00e9s ou ab\u00eem\u00e9s.<\/p>\n<p>Utilisez un vase propre et de l\u2019eau fra\u00eeche pour chaque nouvel arrangement.<\/p>\n<hr>\n<p><strong>Disponibilit\u00e9 et d\u00e9tails<\/strong> :<\/p>\n<p><strong>Disponible toute l\u2019ann\u00e9e<\/strong><\/p>\n<p><strong>Commande requise 2 \u00e0 3 semaines \u00e0 l\u2019avance<\/strong> pour garantir la disponibilit\u00e9<\/p>\n<p><strong>Aucune annulation<\/strong> dans les deux semaines avant la livraison<\/p>\n<p>Produit livr\u00e9 <strong>non taill\u00e9 et non nettoy\u00e9<\/strong>, tel que re\u00e7u de la ferme<\/p>\n<p><strong>Les couleurs peuvent varier<\/strong> selon l\u2019\u00e9cran<\/p>\n<p><strong>Prix susceptibles de varier<\/strong> durant les p\u00e9riodes festives<\/p>\n<p><strong>Paiement requis<\/strong> avant livraison<\/p>\n","protected":false},"excerpt":{"rendered":"<p>*Pour garantir la fra\u00eecheur et la disponibilit\u00e9, veuillez passer votre commande 2 \u00e0 3 semaines \u00e0 l&rsquo;avance. \u00c9clatants et pleins de vie, nos mini gerberas Anna offrent une couleur fuchsia vive et une forme classique parfaite pour vos cr\u00e9ations florales DIY. Cultiv\u00e9es localement au Canada, ces fleurs mesurent entre 55 et 60 cm de hauteur, [&hellip;]<\/p>\n","protected":false},"featured_media":114275,"comment_status":"open","ping_status":"closed","template":"","meta":{"_acf_changed":false},"recipe":[],"product_brand":[],"product_cat":[7673,17168,17416,17457,17169,7674,17454,17469],"product_tag":[],"class_list":{"0":"post-114287","1":"product","2":"type-product","3":"status-publish","4":"has-post-thumbnail","6":"product_cat-bulk-wholesale-flowers-montreal","7":"product_cat-bulk-flowers","8":"product_cat-bulk-gerbera","9":"product_cat-mini-gerbera","10":"product_cat-fleurs-en-vrac","11":"product_cat-fleurs-en-vrac-gros-montreal","12":"product_cat-gerbera-en-vrac","13":"product_cat-mini-gerbera-fr","15":"first","16":"instock","17":"shipping-taxable","18":"purchasable","19":"product-type-simple"},"acf":[],"_links":{"self":[{"href":"https:\/\/lebouquet.brstdev.com\/fr\/wp-json\/wp\/v2\/product\/114287","targetHints":{"allow":["GET"]}}],"collection":[{"href":"https:\/\/lebouquet.brstdev.com\/fr\/wp-json\/wp\/v2\/product"}],"about":[{"href":"https:\/\/lebouquet.brstdev.com\/fr\/wp-json\/wp\/v2\/types\/product"}],"replies":[{"embeddable":true,"href":"https:\/\/lebouquet.brstdev.com\/fr\/wp-json\/wp\/v2\/comments?post=114287"}],"wp:featuredmedia":[{"embeddable":true,"href":"https:\/\/lebouquet.brstdev.com\/fr\/wp-json\/wp\/v2\/media\/114275"}],"wp:attachment":[{"href":"https:\/\/lebouquet.brstdev.com\/fr\/wp-json\/wp\/v2\/media?parent=114287"}],"wp:term":[{"taxonomy":"recipe","embeddable":true,"href":"https:\/\/lebouquet.brstdev.com\/fr\/wp-json\/wp\/v2\/recipe?post=114287"},{"taxonomy":"product_brand","embeddable":true,"href":"https:\/\/lebouquet.brstdev.com\/fr\/wp-json\/wp\/v2\/product_brand?post=114287"},{"taxonomy":"product_cat","embeddable":true,"href":"https:\/\/lebouquet.brstdev.com\/fr\/wp-json\/wp\/v2\/product_cat?post=114287"},{"taxonomy":"product_tag","embeddable":true,"href":"https:\/\/lebouquet.brstdev.com\/fr\/wp-json\/wp\/v2\/product_tag?post=114287"}],"curies":[{"name":"wp","href":"https:\/\/api.w.org\/{rel}","templated":true}]}}