{"id":105951,"date":"2025-03-03T11:05:12","date_gmt":"2025-03-03T16:05:12","guid":{"rendered":"https:\/\/www.lebouquet.com\/clara-womens-day-bouquet\/"},"modified":"2026-02-19T07:43:21","modified_gmt":"2026-02-19T12:43:21","slug":"clara-edition-saint-valentin","status":"publish","type":"product","link":"https:\/\/lebouquet.brstdev.com\/fr\/clara-edition-saint-valentin\/","title":{"rendered":"Clara \u2013 \u00c9dition Saint-Valentin"},"content":{"rendered":"<p>La <strong>Clara \u2013 \u00c9dition Saint-Valentin<\/strong> est une version saisonni\u00e8re et romantique de notre arrangement Clara, cr\u00e9\u00e9e exclusivement pour c\u00e9l\u00e9brer la Saint-Valentin. Cette composition met en valeur un m\u00e9lange harmonieux de <strong>tulipes fra\u00eeches et de roses<\/strong>, soigneusement dispos\u00e9es dans un <strong>cache-pot d\u00e9coratif inspir\u00e9 de la Saint-Valentin<\/strong>, distinct de la version classique offerte le reste de l\u2019ann\u00e9e.<\/p>\n<p>Plus compacte et volontairement intime, cette \u00e9dition sp\u00e9ciale privil\u00e9gie l\u2019\u00e9motion et le symbolisme propres \u00e0 la f\u00eate des amoureux. Les tulipes apportent douceur et fra\u00eecheur, tandis que les roses ajoutent une touche romantique intemporelle. Le contenant festif conf\u00e8re \u00e0 l\u2019ensemble un caract\u00e8re ludique et exclusif, r\u00e9serv\u00e9 \u00e0 la p\u00e9riode de la Saint-Valentin.<\/p>\n<p>Id\u00e9ale pour la <strong>Saint-Valentin<\/strong>, les surprises romantiques ou une attention sinc\u00e8re au mois de f\u00e9vrier, la Clara \u2013 \u00c9dition Saint-Valentin est livr\u00e9e <strong>enti\u00e8rement arrang\u00e9e et pr\u00eate \u00e0 \u00eatre offerte<\/strong>. En raison de son vase saisonnier, cette cr\u00e9ation est propos\u00e9e <strong>pour une dur\u00e9e limit\u00e9e seulement<\/strong>.<\/p>\n<p><strong>Dimensions approximatives<\/strong><br \/>Largeur : 8 po<br \/>Hauteur : 8 po<\/p>\n","protected":false},"excerpt":{"rendered":"<p>La Clara \u2013 \u00c9dition Saint-Valentin est une version saisonni\u00e8re et romantique de notre arrangement Clara, cr\u00e9\u00e9e exclusivement pour c\u00e9l\u00e9brer la Saint-Valentin. Cette composition met en valeur un m\u00e9lange harmonieux de tulipes fra\u00eeches et de roses, soigneusement dispos\u00e9es dans un cache-pot d\u00e9coratif inspir\u00e9 de la Saint-Valentin, distinct de la version classique offerte le reste de l\u2019ann\u00e9e. [&hellip;]<\/p>\n","protected":false},"featured_media":122047,"comment_status":"open","ping_status":"closed","template":"","meta":{"_acf_changed":false},"recipe":[],"product_brand":[],"product_cat":[7572,17153,7554],"product_tag":[],"class_list":{"0":"post-105951","1":"product","2":"type-product","3":"status-publish","4":"has-post-thumbnail","6":"product_cat-saint-valentine","7":"product_cat-fleurs-occasions-montreal","8":"product_cat-populaires","10":"first","11":"instock","12":"shipping-taxable","13":"purchasable","14":"product-type-simple"},"acf":[],"_links":{"self":[{"href":"https:\/\/lebouquet.brstdev.com\/fr\/wp-json\/wp\/v2\/product\/105951","targetHints":{"allow":["GET"]}}],"collection":[{"href":"https:\/\/lebouquet.brstdev.com\/fr\/wp-json\/wp\/v2\/product"}],"about":[{"href":"https:\/\/lebouquet.brstdev.com\/fr\/wp-json\/wp\/v2\/types\/product"}],"replies":[{"embeddable":true,"href":"https:\/\/lebouquet.brstdev.com\/fr\/wp-json\/wp\/v2\/comments?post=105951"}],"wp:featuredmedia":[{"embeddable":true,"href":"https:\/\/lebouquet.brstdev.com\/fr\/wp-json\/wp\/v2\/media\/122047"}],"wp:attachment":[{"href":"https:\/\/lebouquet.brstdev.com\/fr\/wp-json\/wp\/v2\/media?parent=105951"}],"wp:term":[{"taxonomy":"recipe","embeddable":true,"href":"https:\/\/lebouquet.brstdev.com\/fr\/wp-json\/wp\/v2\/recipe?post=105951"},{"taxonomy":"product_brand","embeddable":true,"href":"https:\/\/lebouquet.brstdev.com\/fr\/wp-json\/wp\/v2\/product_brand?post=105951"},{"taxonomy":"product_cat","embeddable":true,"href":"https:\/\/lebouquet.brstdev.com\/fr\/wp-json\/wp\/v2\/product_cat?post=105951"},{"taxonomy":"product_tag","embeddable":true,"href":"https:\/\/lebouquet.brstdev.com\/fr\/wp-json\/wp\/v2\/product_tag?post=105951"}],"curies":[{"name":"wp","href":"https:\/\/api.w.org\/{rel}","templated":true}]}}